{"id":166,"date":"2024-12-10T11:43:17","date_gmt":"2024-12-10T10:43:17","guid":{"rendered":"http:\/\/www.cpasdedurbuy.be\/?page_id=166"},"modified":"2025-08-08T16:24:30","modified_gmt":"2025-08-08T14:24:30","slug":"les-organes-deliberants-du-cpas","status":"publish","type":"page","link":"http:\/\/www.cpasdedurbuy.be\/index.php\/les-organes-deliberants-du-cpas\/","title":{"rendered":"Les organes d\u00e9lib\u00e9rants du CPAS"},"content":{"rendered":"\t\t<div data-elementor-type=\"wp-page\" data-elementor-id=\"166\" class=\"elementor elementor-166\">\n\t\t\t\t\t\t<div class=\"elementor-inner\">\n\t\t\t\t<div class=\"elementor-section-wrap\">\n\t\t\t\t\t\t\t\t\t<section class=\"elementor-section elementor-top-section elementor-element elementor-element-34f3f9e elementor-section-boxed elementor-section-height-default elementor-section-height-default\" data-id=\"34f3f9e\" data-element_type=\"section\">\n\t\t\t\t\t\t<div class=\"elementor-container elementor-column-gap-default\">\n\t\t\t\t\t\t\t<div class=\"elementor-row\">\n\t\t\t\t\t<div class=\"elementor-column elementor-col-100 elementor-top-column elementor-element elementor-element-10e41ba\" data-id=\"10e41ba\" data-element_type=\"column\">\n\t\t\t<div class=\"elementor-column-wrap elementor-element-populated\">\n\t\t\t\t\t\t\t<div class=\"elementor-widget-wrap\">\n\t\t\t\t\t\t<div class=\"elementor-element elementor-element-03847df elementor-widget elementor-widget-heading\" data-id=\"03847df\" data-element_type=\"widget\" data-widget_type=\"heading.default\">\n\t\t\t\t<div class=\"elementor-widget-container\">\n\t\t\t<h2 class=\"elementor-heading-title elementor-size-default\">Le Conseil de l'Action sociale<\/h2>\t\t<\/div>\n\t\t\t\t<\/div>\n\t\t\t\t\t\t<\/div>\n\t\t\t\t\t<\/div>\n\t\t<\/div>\n\t\t\t\t\t\t\t\t<\/div>\n\t\t\t\t\t<\/div>\n\t\t<\/section>\n\t\t\t\t<section class=\"elementor-section elementor-top-section elementor-element elementor-element-34ed164 elementor-section-boxed elementor-section-height-default elementor-section-height-default\" data-id=\"34ed164\" data-element_type=\"section\">\n\t\t\t\t\t\t<div class=\"elementor-container elementor-column-gap-default\">\n\t\t\t\t\t\t\t<div class=\"elementor-row\">\n\t\t\t\t\t<div class=\"elementor-column elementor-col-100 elementor-top-column elementor-element elementor-element-3d1a3d6\" data-id=\"3d1a3d6\" data-element_type=\"column\">\n\t\t\t<div class=\"elementor-column-wrap elementor-element-populated\">\n\t\t\t\t\t\t\t<div class=\"elementor-widget-wrap\">\n\t\t\t\t\t\t<div class=\"elementor-element elementor-element-43fde87 elementor-widget elementor-widget-text-editor\" data-id=\"43fde87\" data-element_type=\"widget\" data-widget_type=\"text-editor.default\">\n\t\t\t\t<div class=\"elementor-widget-container\">\n\t\t\t\t\t\t\t\t<div class=\"elementor-text-editor elementor-clearfix\">\n\t\t\t\t<ul><li>Monsieur Andr\u00e9 Tassigny, Pr\u00e9sident ;<\/li><li><span style=\"font-family: var( --e-global-typography-text-font-family ), Sans-serif; font-weight: var( --e-global-typography-text-font-weight ); font-size: 1rem;\">Madame Bernadette Schevers, Membre ;<\/span><\/li><li><span style=\"font-family: var( --e-global-typography-text-font-family ), Sans-serif; font-weight: var( --e-global-typography-text-font-weight ); font-size: 1rem;\">Madame Val\u00e9rie Douhard,<\/span>\u00a0Membre ;<\/li><li>Madame Laetitia Nutal, Membre ;<\/li><li>Monsieur Etienne Donneaux,\u00a0Membre ;<\/li><li>Madame Laetitia Lemaylleux,\u00a0Membre ;<\/li><li>Madame Sarah Tessely,\u00a0Membre ;<\/li><li>Monsieur Pascal Piret,\u00a0Membre ;<\/li><li>Monsieur Nicolas Lespagnard,\u00a0Membre.<\/li><\/ul>\t\t\t\t\t<\/div>\n\t\t\t\t\t\t<\/div>\n\t\t\t\t<\/div>\n\t\t\t\t\t\t<\/div>\n\t\t\t\t\t<\/div>\n\t\t<\/div>\n\t\t\t\t\t\t\t\t<\/div>\n\t\t\t\t\t<\/div>\n\t\t<\/section>\n\t\t\t\t<section class=\"elementor-section elementor-top-section elementor-element elementor-element-b6c319b elementor-section-boxed elementor-section-height-default elementor-section-height-default\" data-id=\"b6c319b\" data-element_type=\"section\">\n\t\t\t\t\t\t<div class=\"elementor-container elementor-column-gap-default\">\n\t\t\t\t\t\t\t<div class=\"elementor-row\">\n\t\t\t\t\t<div class=\"elementor-column elementor-col-100 elementor-top-column elementor-element elementor-element-b94fc76\" data-id=\"b94fc76\" data-element_type=\"column\">\n\t\t\t<div class=\"elementor-column-wrap elementor-element-populated\">\n\t\t\t\t\t\t\t<div class=\"elementor-widget-wrap\">\n\t\t\t\t\t\t<div class=\"elementor-element elementor-element-df15008 elementor-widget elementor-widget-heading\" data-id=\"df15008\" data-element_type=\"widget\" data-widget_type=\"heading.default\">\n\t\t\t\t<div class=\"elementor-widget-container\">\n\t\t\t<h2 class=\"elementor-heading-title elementor-size-default\">Le Bureau Permanent<\/h2>\t\t<\/div>\n\t\t\t\t<\/div>\n\t\t\t\t\t\t<\/div>\n\t\t\t\t\t<\/div>\n\t\t<\/div>\n\t\t\t\t\t\t\t\t<\/div>\n\t\t\t\t\t<\/div>\n\t\t<\/section>\n\t\t\t\t<section class=\"elementor-section elementor-top-section elementor-element elementor-element-270b703 elementor-section-boxed elementor-section-height-default elementor-section-height-default\" data-id=\"270b703\" data-element_type=\"section\">\n\t\t\t\t\t\t<div class=\"elementor-container elementor-column-gap-default\">\n\t\t\t\t\t\t\t<div class=\"elementor-row\">\n\t\t\t\t\t<div class=\"elementor-column elementor-col-100 elementor-top-column elementor-element elementor-element-80e71cc\" data-id=\"80e71cc\" data-element_type=\"column\">\n\t\t\t<div class=\"elementor-column-wrap elementor-element-populated\">\n\t\t\t\t\t\t\t<div class=\"elementor-widget-wrap\">\n\t\t\t\t\t\t<div class=\"elementor-element elementor-element-448c88f elementor-widget elementor-widget-text-editor\" data-id=\"448c88f\" data-element_type=\"widget\" data-widget_type=\"text-editor.default\">\n\t\t\t\t<div class=\"elementor-widget-container\">\n\t\t\t\t\t\t\t\t<div class=\"elementor-text-editor elementor-clearfix\">\n\t\t\t\t<ul><li>Monsieur Andr\u00e9 Tassigny, Pr\u00e9sident ;<\/li><li><span style=\"font-size: 1rem;\">Madame Bernadette Schevers, Membre ;<\/span><\/li><li><span style=\"font-size: 1rem;\">Monsieur Pascal Piret,\u00a0<\/span><span style=\"font-size: 1rem;\">Membre.<\/span><\/li><\/ul>\t\t\t\t\t<\/div>\n\t\t\t\t\t\t<\/div>\n\t\t\t\t<\/div>\n\t\t\t\t\t\t<\/div>\n\t\t\t\t\t<\/div>\n\t\t<\/div>\n\t\t\t\t\t\t\t\t<\/div>\n\t\t\t\t\t<\/div>\n\t\t<\/section>\n\t\t\t\t<section class=\"elementor-section elementor-top-section elementor-element elementor-element-02d37c8 elementor-section-boxed elementor-section-height-default elementor-section-height-default\" data-id=\"02d37c8\" data-element_type=\"section\">\n\t\t\t\t\t\t<div class=\"elementor-container elementor-column-gap-default\">\n\t\t\t\t\t\t\t<div class=\"elementor-row\">\n\t\t\t\t\t<div class=\"elementor-column elementor-col-100 elementor-top-column elementor-element elementor-element-add3b15\" data-id=\"add3b15\" data-element_type=\"column\">\n\t\t\t<div class=\"elementor-column-wrap elementor-element-populated\">\n\t\t\t\t\t\t\t<div class=\"elementor-widget-wrap\">\n\t\t\t\t\t\t<div class=\"elementor-element elementor-element-388cc3d elementor-widget elementor-widget-heading\" data-id=\"388cc3d\" data-element_type=\"widget\" data-widget_type=\"heading.default\">\n\t\t\t\t<div class=\"elementor-widget-container\">\n\t\t\t<h2 class=\"elementor-heading-title elementor-size-default\">Le Comit\u00e9 Sp\u00e9cial du Service social<\/h2>\t\t<\/div>\n\t\t\t\t<\/div>\n\t\t\t\t\t\t<\/div>\n\t\t\t\t\t<\/div>\n\t\t<\/div>\n\t\t\t\t\t\t\t\t<\/div>\n\t\t\t\t\t<\/div>\n\t\t<\/section>\n\t\t\t\t<section class=\"elementor-section elementor-top-section elementor-element elementor-element-ca69239 elementor-section-boxed elementor-section-height-default elementor-section-height-default\" data-id=\"ca69239\" data-element_type=\"section\">\n\t\t\t\t\t\t<div class=\"elementor-container elementor-column-gap-default\">\n\t\t\t\t\t\t\t<div class=\"elementor-row\">\n\t\t\t\t\t<div class=\"elementor-column elementor-col-100 elementor-top-column elementor-element elementor-element-3e0c9e1\" data-id=\"3e0c9e1\" data-element_type=\"column\">\n\t\t\t<div class=\"elementor-column-wrap elementor-element-populated\">\n\t\t\t\t\t\t\t<div class=\"elementor-widget-wrap\">\n\t\t\t\t\t\t<div class=\"elementor-element elementor-element-16b489c elementor-widget elementor-widget-text-editor\" data-id=\"16b489c\" data-element_type=\"widget\" data-widget_type=\"text-editor.default\">\n\t\t\t\t<div class=\"elementor-widget-container\">\n\t\t\t\t\t\t\t\t<div class=\"elementor-text-editor elementor-clearfix\">\n\t\t\t\t<ul><li>Monsieur Andr\u00e9 Tassigny, Pr\u00e9sident ;<\/li><li><span style=\"font-size: 1rem;\">Madame Bernadette Schevers, Membre ;<\/span><\/li><li>Madame Laetitia Nutal, Membre ;<\/li><li>Monsieur Etienne Donneaux,\u00a0<span style=\"font-size: 1rem;\">Membre.<\/span><\/li><\/ul>\t\t\t\t\t<\/div>\n\t\t\t\t\t\t<\/div>\n\t\t\t\t<\/div>\n\t\t\t\t\t\t<\/div>\n\t\t\t\t\t<\/div>\n\t\t<\/div>\n\t\t\t\t\t\t\t\t<\/div>\n\t\t\t\t\t<\/div>\n\t\t<\/section>\n\t\t\t\t<section class=\"elementor-section elementor-top-section elementor-element elementor-element-b33e836 elementor-section-boxed elementor-section-height-default elementor-section-height-default\" data-id=\"b33e836\" data-element_type=\"section\">\n\t\t\t\t\t\t<div class=\"elementor-container elementor-column-gap-default\">\n\t\t\t\t\t\t\t<div class=\"elementor-row\">\n\t\t\t\t\t<div class=\"elementor-column elementor-col-100 elementor-top-column elementor-element elementor-element-fe53039\" data-id=\"fe53039\" data-element_type=\"column\">\n\t\t\t<div class=\"elementor-column-wrap elementor-element-populated\">\n\t\t\t\t\t\t\t<div class=\"elementor-widget-wrap\">\n\t\t\t\t\t\t<div class=\"elementor-element elementor-element-12f828b elementor-widget elementor-widget-heading\" data-id=\"12f828b\" data-element_type=\"widget\" data-widget_type=\"heading.default\">\n\t\t\t\t<div class=\"elementor-widget-container\">\n\t\t\t<h2 class=\"elementor-heading-title elementor-size-default\">Le Comit\u00e9 Sp\u00e9cial \"Gestion du patrimoine du CPAS\"<\/h2>\t\t<\/div>\n\t\t\t\t<\/div>\n\t\t\t\t\t\t<\/div>\n\t\t\t\t\t<\/div>\n\t\t<\/div>\n\t\t\t\t\t\t\t\t<\/div>\n\t\t\t\t\t<\/div>\n\t\t<\/section>\n\t\t\t\t<section class=\"elementor-section elementor-top-section elementor-element elementor-element-8b1cbf7 elementor-section-boxed elementor-section-height-default elementor-section-height-default\" data-id=\"8b1cbf7\" data-element_type=\"section\">\n\t\t\t\t\t\t<div class=\"elementor-container elementor-column-gap-default\">\n\t\t\t\t\t\t\t<div class=\"elementor-row\">\n\t\t\t\t\t<div class=\"elementor-column elementor-col-100 elementor-top-column elementor-element elementor-element-24c407b\" data-id=\"24c407b\" data-element_type=\"column\">\n\t\t\t<div class=\"elementor-column-wrap elementor-element-populated\">\n\t\t\t\t\t\t\t<div class=\"elementor-widget-wrap\">\n\t\t\t\t\t\t<div class=\"elementor-element elementor-element-6266a04 elementor-widget elementor-widget-text-editor\" data-id=\"6266a04\" data-element_type=\"widget\" data-widget_type=\"text-editor.default\">\n\t\t\t\t<div class=\"elementor-widget-container\">\n\t\t\t\t\t\t\t\t<div class=\"elementor-text-editor elementor-clearfix\">\n\t\t\t\t<ul><li>Monsieur Andr\u00e9 Tassigny, Pr\u00e9sident ;<\/li><li><span style=\"font-size: 1rem;\">Madame Laetitia Lemaylleux, Membre ;<\/span><\/li><li>Monsieur Etienne Donneaux,\u00a0<span style=\"font-size: 1rem;\">Membre ;<\/span><\/li><li><span style=\"font-size: 1rem;\">Monsieur Pascal Piret, Membre.<\/span><\/li><\/ul>\t\t\t\t\t<\/div>\n\t\t\t\t\t\t<\/div>\n\t\t\t\t<\/div>\n\t\t\t\t\t\t<\/div>\n\t\t\t\t\t<\/div>\n\t\t<\/div>\n\t\t\t\t\t\t\t\t<\/div>\n\t\t\t\t\t<\/div>\n\t\t<\/section>\n\t\t\t\t\t\t\t\t\t<\/div>\n\t\t\t<\/div>\n\t\t\t\t\t<\/div>\n\t\t","protected":false},"excerpt":{"rendered":"<p>Le Conseil de l&rsquo;Action sociale Monsieur Andr\u00e9 Tassigny, Pr\u00e9sident ; Madame Bernadette Schevers, Membre ; Madame Val\u00e9rie Douhard,\u00a0Membre ; Madame Laetitia Nutal, Membre ; Monsieur Etienne Donneaux,\u00a0Membre ; Madame Laetitia Lemaylleux,\u00a0Membre ; Madame Sarah Tessely,\u00a0Membre ; Monsieur Pascal Piret,\u00a0Membre ; Monsieur Nicolas Lespagnard,\u00a0Membre. Le Bureau Permanent Monsieur Andr\u00e9 Tassigny, Pr\u00e9sident ; Madame Bernadette Schevers, Membre &hellip; <a href=\"http:\/\/www.cpasdedurbuy.be\/index.php\/les-organes-deliberants-du-cpas\/\" class=\"more-link\">Continuer la lecture<span class=\"screen-reader-text\"> de &laquo;&nbsp;Les organes d\u00e9lib\u00e9rants du CPAS&nbsp;&raquo;<\/span><\/a><\/p>\n","protected":false},"author":2,"featured_media":0,"parent":0,"menu_order":0,"comment_status":"closed","ping_status":"closed","template":"","meta":[],"_links":{"self":[{"href":"http:\/\/www.cpasdedurbuy.be\/index.php\/wp-json\/wp\/v2\/pages\/166"}],"collection":[{"href":"http:\/\/www.cpasdedurbuy.be\/index.php\/wp-json\/wp\/v2\/pages"}],"about":[{"href":"http:\/\/www.cpasdedurbuy.be\/index.php\/wp-json\/wp\/v2\/types\/page"}],"author":[{"embeddable":true,"href":"http:\/\/www.cpasdedurbuy.be\/index.php\/wp-json\/wp\/v2\/users\/2"}],"replies":[{"embeddable":true,"href":"http:\/\/www.cpasdedurbuy.be\/index.php\/wp-json\/wp\/v2\/comments?post=166"}],"version-history":[{"count":19,"href":"http:\/\/www.cpasdedurbuy.be\/index.php\/wp-json\/wp\/v2\/pages\/166\/revisions"}],"predecessor-version":[{"id":199,"href":"http:\/\/www.cpasdedurbuy.be\/index.php\/wp-json\/wp\/v2\/pages\/166\/revisions\/199"}],"wp:attachment":[{"href":"http:\/\/www.cpasdedurbuy.be\/index.php\/wp-json\/wp\/v2\/media?parent=166"}],"curies":[{"name":"wp","href":"https:\/\/api.w.org\/{rel}","templated":true}]}}